{"id":5264,"date":"2020-12-21T15:43:25","date_gmt":"2020-12-21T15:43:25","guid":{"rendered":"http:\/\/quiberonsportnature.bzh\/?page_id=5264"},"modified":"2021-07-27T21:10:06","modified_gmt":"2021-07-27T21:10:06","slug":"fdl-2021","status":"publish","type":"page","link":"https:\/\/quiberonsportnature.bzh\/index.php\/foulees-du-large\/fdl-2021\/","title":{"rendered":"FDL 2021"},"content":{"rendered":"<div class=\"page\" title=\"Page 1\">\n<div class=\"section\">\n<div class=\"layoutArea\">\n<p style=\"text-align: center;\"><img loading=\"lazy\" class=\"alignnone wp-image-5464\" src=\"http:\/\/quiberonsportnature.bzh\/wp-content\/uploads\/2021\/06\/AffFoulees-2021-283x400.jpg\" alt=\"\" width=\"471\" height=\"666\" srcset=\"https:\/\/quiberonsportnature.bzh\/wp-content\/uploads\/2021\/06\/AffFoulees-2021-283x400.jpg 283w, https:\/\/quiberonsportnature.bzh\/wp-content\/uploads\/2021\/06\/AffFoulees-2021-177x250.jpg 177w, https:\/\/quiberonsportnature.bzh\/wp-content\/uploads\/2021\/06\/AffFoulees-2021-724x1024.jpg 724w, https:\/\/quiberonsportnature.bzh\/wp-content\/uploads\/2021\/06\/AffFoulees-2021-35x50.jpg 35w\" sizes=\"(max-width: 471px) 100vw, 471px\" \/><\/p>\n<h1 style=\"text-align: center;\">Les Foul\u00e9es du Large &#8211; 8\u00e8 \u00e9dition<\/h1>\n<h2 style=\"text-align: center;\">Dimanche 25 Juillet 2021<\/h2>\n<h2 style=\"text-align: center;\"><span style=\"color: #0000ff;\">Championnat de Bretagne des 10 km !<\/span><\/h2>\n<p style=\"text-align: center;\">( <span style=\"color: #0000ff;\"><a style=\"color: #0000ff;\" href=\"https:\/\/www.ouest-france.fr\/sport\/running\/running-le-calendrier-breton-chamboule-7193358\">article de OF<\/a><\/span> )<\/p>\n<\/div>\n<h4><\/h4>\n<h3 style=\"text-align: center;\">Merci \u00e0 tous ,\u00a0 b\u00e9n\u00e9voles et participants pour cette belle journ\u00e9e sportive et caritative\u00a0 !<\/h3>\n<h4 style=\"text-align: center;\"><strong>Ci dessous les r\u00e9sultats et tr\u00e8s bient\u00f4t quelques photos<\/strong><\/h4>\n<p>&nbsp;<\/p>\n<h3><span style=\"color: #0000ff;\"><strong>Photos :<\/strong><\/span><\/h3>\n<\/div>\n<h4><span style=\"color: #0000ff;\">Toutes nos photos dans les <span style=\"color: #ff0000;\"><a style=\"color: #ff0000;\" href=\"https:\/\/www.facebook.com\/fouleesdularge\/photos_albums\">albums FDL 21<\/a> <\/span>de notre page FaceBook, accessibles \u00e0 tous !<\/span><\/h4>\n<p>https:\/\/www.facebook.com\/fouleesdularge\/photos_albums<\/p>\n<div class=\"section\">\n<p>&nbsp;<\/p>\n<h3><span style=\"color: #0000ff;\"><strong>Les R\u00e9sultats :<\/strong><\/span><\/h3>\n<h4><span style=\"color: #0000ff;\"><strong>&#8211; <a style=\"color: #0000ff;\" href=\"https:\/\/www.sportinnovation.fr\/resultats\/resultat_cr.php?crs=4664\">5Km FDL 21<\/a>\u00a0\u00a0\u00a0 \u00a0 \u00a0 <a style=\"color: #0000ff;\" href=\"http:\/\/quiberonsportnature.bzh\/wp-content\/uploads\/2021\/07\/CLASSEMENT-5-km-FDL-21.pdf\">T\u00e9l\u00e9charger le Classement 5 Km<\/a><\/strong><\/span><\/h4>\n<h4><span style=\"color: #0000ff;\"><strong> &#8211; <\/strong><a style=\"color: #0000ff;\" href=\"https:\/\/www.sportinnovation.fr\/resultats\/resultat_cr.php?crs=4665\"><strong><strong>10 Km FDL 21<\/strong><\/strong><\/a>\u00a0\u00a0 \u00a0\u00a0 <a style=\"color: #0000ff;\" href=\"http:\/\/quiberonsportnature.bzh\/wp-content\/uploads\/2021\/07\/CLASSEMENT-10-km-FDL-21-.pdf\"><strong>T\u00e9l\u00e9charger le Classement 10 Km<\/strong><\/a><\/span><\/h4>\n<h3><\/h3>\n<\/div>\n<p>&nbsp;<\/p>\n<div class=\"section\">\n<h3><\/h3>\n<p>&nbsp;<\/p>\n<hr \/>\n<p>&nbsp;<\/p>\n<h2 style=\"text-align: center;\"><span style=\"color: #ff0000;\"><strong>Pass Sanitaire obligatoire pour les adultes !<\/strong><\/span><\/h2>\n<p><strong>( 16\/07\/21 ) : Nous venons de recevoir de la Ligue de Bretagne d&rsquo;Athl\u00e9tisme la confirmation \u00e9crite que l&rsquo;obligation du Pass Sanitaire va s&rsquo;appliquer aux Foul\u00e9es du Large, m\u00eame si nous n&rsquo;aurons rien de plus formel avant\u00a0 le vote de la loi, courant semaine prochaine.<\/strong><span style=\"color: #ff0000;\"><strong><br \/>\n<\/strong><\/span><\/p>\n<p><span style=\"color: #ff0000;\">Toutes les infos ici :<span style=\"color: #0000ff;\"><a style=\"color: #0000ff;\" href=\"https:\/\/www.gouvernement.fr\/info-coronavirus\/pass-sanitaire\"><strong>https:\/\/www.gouvernement.fr\/info-coronavirus\/pass-sanitaire<\/strong><\/a><\/span><\/span><\/p>\n<\/div>\n<div class=\"section\"><span style=\"color: #ff0000;\"><strong><br \/>\n<\/strong><\/span><strong>Rassurez vous, nous \u00e9tions d\u00e9j\u00e0 pr\u00eats \u00e0 appliquer cette consigne .<\/strong><\/div>\n<div>\n<p><strong>A la prise des dossards les participants devront pr\u00e9senter un Pass Sanitaire.<\/strong><\/p>\n<p><strong>Pour information un Pass Sanitaire valide c\u2019est soit :<\/strong><br \/>\n<strong>Pr\u00e9senter le QR Code de la deuxi\u00e8me vaccination de plus de 7 jours<\/strong><br \/>\n<strong>Pr\u00e9senter le QR d\u2019un test PCR ou antig\u00e9nique n\u00e9gatif de moins de 48h00<\/strong><br \/>\n<strong>Pour les anciens malades un certificat de r\u00e9tablissement de la Covid-19<\/strong><\/p>\n<\/div>\n<p>Toutes les infos ici : https:\/\/www.gouvernement.fr\/info-coronavirus\/pass-sanitaire<\/p>\n<h2 style=\"text-align: center;\"><\/h2>\n<p><img loading=\"lazy\" class=\" wp-image-5444 aligncenter\" src=\"http:\/\/quiberonsportnature.bzh\/wp-content\/uploads\/2021\/06\/Sans-titre-283x400.jpg\" alt=\"\" width=\"585\" height=\"827\" srcset=\"https:\/\/quiberonsportnature.bzh\/wp-content\/uploads\/2021\/06\/Sans-titre-283x400.jpg 283w, https:\/\/quiberonsportnature.bzh\/wp-content\/uploads\/2021\/06\/Sans-titre-177x250.jpg 177w, https:\/\/quiberonsportnature.bzh\/wp-content\/uploads\/2021\/06\/Sans-titre-724x1024.jpg 724w, https:\/\/quiberonsportnature.bzh\/wp-content\/uploads\/2021\/06\/Sans-titre-35x50.jpg 35w\" sizes=\"(max-width: 585px) 100vw, 585px\" \/><\/p>\n<p style=\"text-align: center;\"><strong><span style=\"color: #0000ff;\">Pas d&rsquo;inscription sur place !<br \/>\n<\/span><\/strong><\/p>\n<p style=\"text-align: center;\"><strong><span style=\"color: #0000ff;\"><span style=\"color: #ff0000;\">Uniquement sur la plateforme de <\/span><a style=\"color: #0000ff;\" href=\"https:\/\/www.sportinnovation.fr\/\">Sportinnovation.fr<\/a><span style=\"color: #ff0000;\"> ou par <\/span><a style=\"color: #0000ff;\" href=\"http:\/\/quiberonsportnature.bzh\/wp-content\/uploads\/2021\/06\/Bulletin-dinscription-21.pdf\">courrier<\/a>.<\/span><\/strong><\/p>\n<p style=\"text-align: center;\"><strong><span style=\"color: #0000ff;\">300 participants maxi pour le 5 Km et 500 sur le 10 Km.<\/span><\/strong><\/p>\n<p>&nbsp;<\/p>\n<\/div>\n<div class=\"page\" title=\"Page 1\">\n<div class=\"section\">\n<div class=\"layoutArea\">\n<p style=\"text-align: center;\">\n<\/div>\n<hr \/>\n<p>&nbsp;<\/p>\n<div class=\"layoutArea\">\n<p>Deux distances sont propos\u00e9es : <strong>5 km et 10 km ( Championnat de Bretagne )<\/strong>.<\/p>\n<p>&nbsp;<\/p>\n<p>En ouverture des comp\u00e9titions, deux courses \u00ab\u00a0jeunes\u00a0\u00bb de 1 km et 2 km sur la boucle du centre ville.<\/p>\n<p><strong>Une marche randonn\u00e9e avec <span style=\"color: #3366ff;\"><a style=\"color: #3366ff;\" href=\"https:\/\/www.kiberenmarchenordique.com\/\">KMN<\/a> <\/span><\/strong>sur les sentiers, d\u00e9part et arriv\u00e9e place Hoche, sera aussi propos\u00e9e \u00e0 tous ceux qui veulent participer <img loading=\"lazy\" class=\"wp-image-5070 alignleft\" src=\"http:\/\/quiberonsportnature.bzh\/wp-content\/uploads\/2020\/05\/TC-400x400.png\" alt=\"\" width=\"91\" height=\"91\" srcset=\"https:\/\/quiberonsportnature.bzh\/wp-content\/uploads\/2020\/05\/TC-400x400.png 400w, https:\/\/quiberonsportnature.bzh\/wp-content\/uploads\/2020\/05\/TC-250x250.png 250w, https:\/\/quiberonsportnature.bzh\/wp-content\/uploads\/2020\/05\/TC-50x50.png 50w, https:\/\/quiberonsportnature.bzh\/wp-content\/uploads\/2020\/05\/TC-230x230.png 230w, https:\/\/quiberonsportnature.bzh\/wp-content\/uploads\/2020\/05\/TC-330x330.png 330w, https:\/\/quiberonsportnature.bzh\/wp-content\/uploads\/2020\/05\/TC.png 960w\" sizes=\"(max-width: 91px) 100vw, 91px\" \/>et se bouger pour la <strong>Tribu<\/strong> . ( pas d&rsquo;inscription , rdv \u00e0 9h00 )<\/p>\n<p>Les profits sont revers\u00e9s \u00e0 l\u2019association <span style=\"color: #3366ff;\"><strong><a style=\"color: #3366ff;\" href=\"http:\/\/www.tribucancer.org\" target=\"_blank\" rel=\"noopener noreferrer\">Tribu Cancer<\/a><\/strong><\/span>\u00a0, association d&rsquo;aide aux malades.<\/p>\n<div class=\"page\" title=\"Page 1\">\n<div class=\"section\">\n<div class=\"layoutArea\">\n<div class=\"column\"><\/div>\n<\/div>\n<\/div>\n<\/div>\n<\/div>\n<\/div>\n<\/div>\n<div><\/div>\n<div><strong>Retrait des dossards \u00a0: <\/strong>sur place le dimanche matin , \u00e0 partir de 8h30 <a href=\"http:\/\/quiberonsportnature.bzh\/wp-content\/uploads\/2021\/07\/plan-place-Hoche-1.jpg\"><strong><span style=\"color: #0000ff;\">(Place Hoche)<\/span><\/strong><\/a><em><br \/>\n<\/em><\/div>\n<div><\/div>\n<div class=\"column\">\n<hr \/>\n<h2>La Marche Randonn\u00e9e encadr\u00e9e par <a href=\"https:\/\/www.kiberenmarchenordique.com\/\"><span style=\"color: #3366ff;\">KMN ( Kiberen Marche Nordique )<\/span><\/a><a href=\"https:\/\/www.kiberenmarchenordique.com\/\"><img loading=\"lazy\" class=\"wp-image-5451 alignright\" src=\"http:\/\/quiberonsportnature.bzh\/wp-content\/uploads\/2021\/06\/Capture-d\u2019e\u0301cran-2021-06-19-a\u0300-18.40.28.png\" alt=\"\" width=\"169\" height=\"107\" srcset=\"https:\/\/quiberonsportnature.bzh\/wp-content\/uploads\/2021\/06\/Capture-d\u2019e\u0301cran-2021-06-19-a\u0300-18.40.28.png 397w, https:\/\/quiberonsportnature.bzh\/wp-content\/uploads\/2021\/06\/Capture-d\u2019e\u0301cran-2021-06-19-a\u0300-18.40.28-250x158.png 250w, https:\/\/quiberonsportnature.bzh\/wp-content\/uploads\/2021\/06\/Capture-d\u2019e\u0301cran-2021-06-19-a\u0300-18.40.28-50x32.png 50w\" sizes=\"(max-width: 169px) 100vw, 169px\" \/><\/a><\/h2>\n<h3 style=\"text-align: left;\"><span style=\"color: #ff0000;\"><strong>Pas d&rsquo;obligation de Pass Sanitaire (50 personnes maximum)<br \/>\n<\/strong><\/span><\/h3>\n<p>&nbsp;<\/p>\n<h4><span style=\"color: #ff0000;\">Sans Inscription, don de 5\u20ac \u00e0 Tribu Cancer.<\/span><\/h4>\n<p>&nbsp;<\/p>\n<\/div>\n<div class=\"column\"><strong>\u25ca Rendez vous \u00e0 9h00 Place Hoche . <\/strong><\/div>\n<div class=\"column\"><strong>D\u00e9part 9h15<img loading=\"lazy\" class=\" wp-image-5480 alignright\" src=\"http:\/\/quiberonsportnature.bzh\/wp-content\/uploads\/2021\/07\/Capture-d\u2019e\u0301cran-2021-07-12-a\u0300-10.14.12-750x303.png\" alt=\"\" width=\"480\" height=\"194\" srcset=\"https:\/\/quiberonsportnature.bzh\/wp-content\/uploads\/2021\/07\/Capture-d\u2019e\u0301cran-2021-07-12-a\u0300-10.14.12-750x303.png 750w, https:\/\/quiberonsportnature.bzh\/wp-content\/uploads\/2021\/07\/Capture-d\u2019e\u0301cran-2021-07-12-a\u0300-10.14.12-250x101.png 250w, https:\/\/quiberonsportnature.bzh\/wp-content\/uploads\/2021\/07\/Capture-d\u2019e\u0301cran-2021-07-12-a\u0300-10.14.12-50x20.png 50w, https:\/\/quiberonsportnature.bzh\/wp-content\/uploads\/2021\/07\/Capture-d\u2019e\u0301cran-2021-07-12-a\u0300-10.14.12.png 1008w\" sizes=\"(max-width: 480px) 100vw, 480px\" \/><br \/>\n<\/strong><\/div>\n<div class=\"column\">Pour un parcours de 1h30 vers le Conguel le long de la mer, ouvert \u00e0 tous, sans condition<\/div>\n<div>Avec un retour place Hoche, juste avant la grande course des 10 km , label FFA<\/div>\n<div><\/div>\n<div><strong>Pas d&rsquo;inscription.<\/strong> Une participation de 5\u20ac est demand\u00e9e comme don , au b\u00e9n\u00e9fice de Tribu Cancer.<\/div>\n<div>Gratuit pour les enfants.<\/div>\n<div><\/div>\n<div><img loading=\"lazy\" class=\"wp-image-2921 aligncenter\" src=\"http:\/\/quiberonsportnature.bzh\/wp-content\/uploads\/2016\/08\/2015-marche-a-travers-la-presquile144-750x390.jpg\" alt=\"\" width=\"543\" height=\"283\" srcset=\"https:\/\/quiberonsportnature.bzh\/wp-content\/uploads\/2016\/08\/2015-marche-a-travers-la-presquile144.jpg 750w, https:\/\/quiberonsportnature.bzh\/wp-content\/uploads\/2016\/08\/2015-marche-a-travers-la-presquile144-250x130.jpg 250w, https:\/\/quiberonsportnature.bzh\/wp-content\/uploads\/2016\/08\/2015-marche-a-travers-la-presquile144-50x26.jpg 50w\" sizes=\"(max-width: 543px) 100vw, 543px\" \/><\/div>\n<div>\n<hr \/>\n<\/div>\n<div class=\"column\">\n<h2>Le programme des courses\u00a0<img loading=\"lazy\" class=\" wp-image-4961 alignright\" src=\"http:\/\/quiberonsportnature.bzh\/wp-content\/uploads\/2020\/01\/IMG_0163-603x400.jpg\" alt=\"\" width=\"433\" height=\"287\" srcset=\"https:\/\/quiberonsportnature.bzh\/wp-content\/uploads\/2020\/01\/IMG_0163-603x400.jpg 603w, https:\/\/quiberonsportnature.bzh\/wp-content\/uploads\/2020\/01\/IMG_0163-250x166.jpg 250w, https:\/\/quiberonsportnature.bzh\/wp-content\/uploads\/2020\/01\/IMG_0163-1024x680.jpg 1024w, https:\/\/quiberonsportnature.bzh\/wp-content\/uploads\/2020\/01\/IMG_0163-50x33.jpg 50w\" sizes=\"(max-width: 433px) 100vw, 433px\" \/><\/h2>\n<\/div>\n<div class=\"page\" title=\"Page 2\">\n<div class=\"layoutArea\">\n<div class=\"column\">\n<h3><strong>\u25ca A 09h30, \u00a0courses \u00ab jeunes \u00bb 1 km et 2 km.<\/strong><\/h3>\n<p>&nbsp;<\/p>\n<ul>\n<li>\u00a01 km pour les Poussins \u00a0(n\u00e9s en 2010 et 2011)<\/li>\n<li>\u00a02 km pour les Benjamins \u00a0(n\u00e9s en 2008 et 2009)<\/li>\n<\/ul>\n<\/div>\n<\/div>\n<\/div>\n<p>&nbsp;<\/p>\n<p><strong>Inscription postale : <a href=\"http:\/\/quiberonsportnature.bzh\/wp-content\/uploads\/2021\/07\/Bulletin-dinscription-21.pdf\"><span style=\"color: #0000ff;\">Ici<\/span><\/a><br \/>\n<\/strong><\/p>\n<p><strong>Inscription en ligne \u00a0 1 km :\u00a0 <span style=\"color: #0000ff;\">Ici<\/span><\/strong><\/p>\n<p><strong> 2 km : <a href=\"https:\/\/www.sportinnovation.fr\/inscription3\/inscription.php?crs=4667\"><span style=\"color: #0000ff;\">\u00a0Ici<\/span><\/a><\/strong><\/p>\n<p><em><span style=\"color: #ff0000;\"><strong>Les inscriptions sur place ne sont pas envisag\u00e9es ( conditions sanitaires &#8230; )<\/strong><\/span><\/em><\/p>\n<h3><strong>Retrait des dossards \u00a0: <\/strong>sur place le dimanche matin , \u00e0 partir de 8h30 <a href=\"http:\/\/quiberonsportnature.bzh\/wp-content\/uploads\/2021\/07\/plan-place-Hoche-1.jpg\"><span style=\"color: #0000ff;\">(Place Hoche)<\/span><\/a><\/h3>\n<h3><\/h3>\n<h3 style=\"text-align: center;\">&#8212;&#8212;&#8212;&#8212;&#8212;&#8212;&#8212;&#8212;&#8212;&#8212;&#8212;&#8212;&#8212;&#8212;&#8212;&#8212;<\/h3>\n<p>&nbsp;<\/p>\n<div><\/div>\n<div><\/div>\n<div class=\"page\" title=\"Page 2\">\n<div class=\"layoutArea\">\n<h3 class=\"column\"><strong><img loading=\"lazy\" class=\" wp-image-4967 alignleft\" src=\"http:\/\/quiberonsportnature.bzh\/wp-content\/uploads\/2020\/01\/IMG_0239-572x400.jpg\" alt=\"\" width=\"442\" height=\"309\" srcset=\"https:\/\/quiberonsportnature.bzh\/wp-content\/uploads\/2020\/01\/IMG_0239-572x400.jpg 572w, https:\/\/quiberonsportnature.bzh\/wp-content\/uploads\/2020\/01\/IMG_0239-250x175.jpg 250w, https:\/\/quiberonsportnature.bzh\/wp-content\/uploads\/2020\/01\/IMG_0239-1024x716.jpg 1024w, https:\/\/quiberonsportnature.bzh\/wp-content\/uploads\/2020\/01\/IMG_0239-50x35.jpg 50w\" sizes=\"(max-width: 442px) 100vw, 442px\" \/>\u25ca A\u00a010h00, course de 5 km.<\/strong><\/h3>\n<div>\n<p><strong><strong>\u00a0<\/strong><\/strong><span style=\"color: #ff0000;\"><strong>Pass Sanitaire obligatoire pour les adultes !<\/strong><\/span><\/p>\n<p>Toutes les infos ici : <span style=\"color: #0000ff;\"><a style=\"color: #0000ff;\" href=\"https:\/\/www.gouvernement.fr\/info-coronavirus\/pass-sanitaire\">https:\/\/www.gouvernement.fr\/info-coronavirus\/pass-sanitaire<\/a><\/span><\/p>\n<\/div>\n<div><\/div>\n<div>&#8211; 2 boucles de 2,5 km<\/div>\n<div class=\"column\">&#8211; \u00a0n\u00e9s en 2007 et avant.<\/div>\n<div>&#8211;\u00a0 Certificat m\u00e9dical ou licence FFA obligatoire<\/div>\n<div>&#8211;\u00a0 Limitation \u00e0 300 participants maxi<\/div>\n<div>R\u00e9compense et Coupe sur le Podium pour les 3 Premiers (\u00e8res) au scratch et pour le Premier\u00a0(\u00e8re)\u00a0de chaque cat\u00e9gorie des Minimes aux Masters <span style=\"color: #ff0000;\">( en fonction des conditions sanitaires )<\/span><\/div>\n<\/div>\n<\/div>\n<div><\/div>\n<div><strong>Inscription postale <\/strong>: <span style=\"color: #0000ff;\"><a style=\"color: #0000ff;\" href=\"http:\/\/quiberonsportnature.bzh\/wp-content\/uploads\/2021\/07\/Bulletin-dinscription-21.pdf\"><strong>Ici<\/strong><\/a><strong><br \/>\n<\/strong><\/span><\/div>\n<p><strong>Inscription en ligne : <a href=\"https:\/\/www.sportinnovation.fr\/inscription3\/inscription.php?crs=4664\"><span style=\"color: #0000ff;\">Ici<\/span><\/a><br \/>\n<\/strong><\/p>\n<p><span style=\"color: #ff0000;\"><strong><em>Les inscriptions sur place ne sont pas envisag\u00e9es\u00a0 ( conditions sanitaires &#8230; )<\/em><\/strong><br \/>\n<\/span><\/p>\n<h3><strong>Retrait des dossards \u00a0: sur place le dimanche matin , \u00e0 partir de 8h30 <a href=\"http:\/\/quiberonsportnature.bzh\/wp-content\/uploads\/2021\/07\/plan-place-Hoche-1.jpg\"><span style=\"color: #0000ff;\">(Place Hoche)\u00a0<\/span><\/a><\/strong><\/h3>\n<h2><strong>\u00a0<\/strong><\/h2>\n<h3 style=\"text-align: center;\">&#8212;&#8212;&#8212;&#8212;&#8212;&#8212;&#8212;&#8212;&#8212;&#8212;&#8212;&#8212;&#8212;&#8211;<\/h3>\n<h3><\/h3>\n<div class=\"page\" title=\"Page 2\">\n<div class=\"layoutArea\">\n<div><img loading=\"lazy\" class=\" wp-image-4962 alignright\" src=\"http:\/\/quiberonsportnature.bzh\/wp-content\/uploads\/2020\/01\/IMG_0355-527x400.jpg\" alt=\"\" width=\"411\" height=\"312\" srcset=\"https:\/\/quiberonsportnature.bzh\/wp-content\/uploads\/2020\/01\/IMG_0355-527x400.jpg 527w, https:\/\/quiberonsportnature.bzh\/wp-content\/uploads\/2020\/01\/IMG_0355-250x190.jpg 250w, https:\/\/quiberonsportnature.bzh\/wp-content\/uploads\/2020\/01\/IMG_0355-1024x777.jpg 1024w, https:\/\/quiberonsportnature.bzh\/wp-content\/uploads\/2020\/01\/IMG_0355-50x38.jpg 50w\" sizes=\"(max-width: 411px) 100vw, 411px\" \/><\/div>\n<div><\/div>\n<h3 class=\"column\"><strong>\u25ca A 11h00, course de 10 km, Label FFA.\u00a0\u00a0\u00a0 <\/strong><\/h3>\n<div class=\"column\"><span style=\"color: #ff0000;\"><strong>Championnat de Bretagne\u00a0 !<\/strong><\/span><\/div>\n<div>\n<h4><span style=\"color: #ff0000;\"><strong>Pass Sanitaire obligatoire pour les adultes !<\/strong><\/span><\/h4>\n<p>Toutes les infos ici : <a href=\"https:\/\/www.gouvernement.fr\/info-coronavirus\/pass-sanitaire\"><span style=\"color: #0000ff;\">https:\/\/www.gouvernement.fr\/info-coronavirus\/pass-sanitaire<\/span><\/a><\/p>\n<\/div>\n<\/div>\n<div><\/div>\n<div class=\"layoutArea\">\n<div>&#8211; 3 boucles de 3,3 km <span style=\"color: #ff0000;\">( nouveau parcours plus roulant )<\/span><\/div>\n<div class=\"column\">&#8211; n\u00e9s en 2005 et avant.<\/div>\n<div>&#8211; Certificat m\u00e9dical ou licence FFA obligatoire<\/div>\n<div>&#8211;\u00a0 Limitation \u00e0 500 participants maxi<\/div>\n<div>R\u00e9compense et Coupe sur le Podium pour les 3 Premiers (\u00e8res) au scratch et pour le Premier (\u00e8re)\u00a0de chaque cat\u00e9gorie des Cadets (tes) aux Masters <span style=\"color: #ff0000;\">( en fonction des conditions sanitaires )<\/span><\/div>\n<div><\/div>\n<\/div>\n<\/div>\n<p class=\"column\"><strong>Inscription postale\u00a0<\/strong> :<a href=\"http:\/\/quiberonsportnature.bzh\/wp-content\/uploads\/2021\/07\/Bulletin-dinscription-21.pdf\"><strong><span style=\"color: #0000ff;\"> Ici<\/span><\/strong><\/a><\/p>\n<p><strong>Inscription en ligne : <a href=\"https:\/\/www.sportinnovation.fr\/inscription3\/inscription.php?crs=4665\"><span style=\"color: #ff0000;\"><span style=\"color: #0000ff;\">Ici<\/span><\/span><\/a><br \/>\n<\/strong><\/p>\n<p><strong><span style=\"color: #ff0000;\"><em>Les inscriptions sur place ne sont pas envisag\u00e9es ( conditions sanitaires &#8230; )<\/em><\/span><\/strong><\/p>\n<h3 id=\"viewer-dl73b\" class=\"_3tkn1 _208Ie _2QAo- _25MYV eaHbJ _247b9 public-DraftStyleDefault-block-depth0 public-DraftStyleDefault-text-ltr\"><span class=\"vkIF2 public-DraftStyleDefault-ltr\"><strong>Retrait des dossards \u00a0: sur place le dimanche matin , \u00e0 partir de 8h30 <a href=\"http:\/\/quiberonsportnature.bzh\/wp-content\/uploads\/2021\/07\/plan-place-Hoche-1.jpg\"><span style=\"color: #0000ff;\">(Place Hoche)\u00a0<\/span><\/a><\/strong><\/span><\/h3>\n<h3><\/h3>\n<h3 id=\"viewer-dl73b\" class=\"_3tkn1 _208Ie _2QAo- _25MYV eaHbJ _247b9 public-DraftStyleDefault-block-depth0 public-DraftStyleDefault-text-ltr\" style=\"text-align: center;\"><span class=\"vkIF2 public-DraftStyleDefault-ltr\"><strong>&#8212;&#8212;&#8212;&#8212;&#8212;&#8212;&#8212;&#8212;&#8212;&#8212;&#8212;&#8212;&#8212;&#8212;&#8212;&#8212;&#8212;&#8212;&#8212;&#8212;&#8212;&#8212;&#8212;&#8212;&#8212;&#8212;&#8212;&#8212;&#8212;&#8212;&#8212;&#8212;-<\/strong><\/span><\/h3>\n<p>&nbsp;<\/p>\n<p>&nbsp;<\/p>\n<h3 id=\"viewer-dl73b\" class=\"_3tkn1 _208Ie _2QAo- _25MYV eaHbJ _247b9 public-DraftStyleDefault-block-depth0 public-DraftStyleDefault-text-ltr\"><span class=\"vkIF2 public-DraftStyleDefault-ltr\"><strong>Les modalit\u00e9s de qualifications de la F\u00e9d\u00e9ration Fran\u00e7aise d&rsquo;Athl\u00e9tisme pour le Championnat de France \u00e0 Langueux le 04 Septembre 2021 :<img loading=\"lazy\" class=\"wp-image-5408 alignleft\" src=\"http:\/\/quiberonsportnature.bzh\/wp-content\/uploads\/2021\/05\/Capture-d\u2019e\u0301cran-2021-05-28-a\u0300-14.48.52-398x400.png\" alt=\"\" width=\"317\" height=\"319\" srcset=\"https:\/\/quiberonsportnature.bzh\/wp-content\/uploads\/2021\/05\/Capture-d\u2019e\u0301cran-2021-05-28-a\u0300-14.48.52-398x400.png 398w, https:\/\/quiberonsportnature.bzh\/wp-content\/uploads\/2021\/05\/Capture-d\u2019e\u0301cran-2021-05-28-a\u0300-14.48.52-50x50.png 50w, https:\/\/quiberonsportnature.bzh\/wp-content\/uploads\/2021\/05\/Capture-d\u2019e\u0301cran-2021-05-28-a\u0300-14.48.52-230x230.png 230w, https:\/\/quiberonsportnature.bzh\/wp-content\/uploads\/2021\/05\/Capture-d\u2019e\u0301cran-2021-05-28-a\u0300-14.48.52.png 511w\" sizes=\"(max-width: 317px) 100vw, 317px\" \/><\/strong><\/span><\/h3>\n<p id=\"viewer-8l8bp\" class=\"XzvDs _208Ie _247b9 _2QAo- _25MYV eaHbJ _247b9 public-DraftStyleDefault-block-depth0 public-DraftStyleDefault-text-ltr\"><span class=\"vkIF2 public-DraftStyleDefault-ltr\">Seuls peuvent participer aux championnats de France, les athl\u00e8tes ayant r\u00e9ussi les minima dans les 10km inscrits au calendrier des labels FFA qui se seront d\u00e9roul\u00e9s entre le <span style=\"color: #ff0000;\">15 septembre 2019 et le 15 ao\u00fbt 2021,<\/span> incluant les championnats de France de 10km 2019.<\/span><\/p>\n<p id=\"viewer-1fas5\" class=\"XzvDs _208Ie _247b9 _2QAo- _25MYV eaHbJ _247b9 public-DraftStyleDefault-block-depth0 public-DraftStyleDefault-text-ltr\"><span class=\"vkIF2 public-DraftStyleDefault-ltr\">La liste des athl\u00e8tes qualifiables sera mise en ligne sur<span style=\"color: #0000ff;\"> <a class=\"_2qJYG _2E8wo\" style=\"color: #0000ff;\" href=\"http:\/\/athle.fr\" target=\"_blank\" rel=\"noopener\"><u class=\"sDZYg\">athle.fr<\/u><\/a> <\/span>\u00e0 partir du 17 avril 2021. Elle sera r\u00e9guli\u00e8rement actualis\u00e9e en fonction des comp\u00e9titions enregistr\u00e9es et valid\u00e9es.<\/span><\/p>\n<h3 id=\"viewer-bjt17\" class=\"_3tkn1 _208Ie _2QAo- _25MYV eaHbJ _247b9 public-DraftStyleDefault-block-depth0 public-DraftStyleDefault-text-ltr\"><span class=\"vkIF2 public-DraftStyleDefault-ltr\">Les engagements doivent \u00eatre effectu\u00e9s directement par les clubs sur le site <span style=\"color: #0000ff;\"><a class=\"_2qJYG _2E8wo\" style=\"color: #0000ff;\" href=\"https:\/\/www.athle.fr\/asp.net\/main.html\/html.aspx?htmlid=6132\" target=\"_blank\" rel=\"noopener\"><u class=\"sDZYg\">athle.fr<\/u><\/a>.<\/span><\/span><\/h3>\n<h3 id=\"viewer-ae7v7\" class=\"_3tkn1 _208Ie _2QAo- _25MYV eaHbJ _247b9 public-DraftStyleDefault-block-depth0 public-DraftStyleDefault-text-ltr\"><span class=\"vkIF2 public-DraftStyleDefault-ltr\">Retrouvez \u00e9galement les <span style=\"color: #3366ff;\"><a class=\"_2qJYG _2E8wo\" style=\"color: #3366ff;\" href=\"https:\/\/www.athle.fr\/asp.net\/main.html\/html.aspx?htmlid=98\" target=\"_blank\" rel=\"noopener\"><u class=\"sDZYg\">minimas FFA<\/u><\/a> <\/span>et <span style=\"color: #3366ff;\"><a class=\"_2qJYG _2E8wo\" style=\"color: #3366ff;\" href=\"https:\/\/bases.athle.fr\/asp.net\/liste.aspx?frmpostback=true&amp;frmbase=qualifies&amp;frmmode=1&amp;frmespace=0&amp;frmsaison=28&amp;frmcompetition=815&amp;frmepreuve=&amp;frmetat=&amp;frmcategorie=&amp;frmsexe=&amp;frmligue=&amp;frmdepartement=&amp;frmclub=\" target=\"_blank\" rel=\"noopener\"><u class=\"sDZYg\">la liste des qualifiables<\/u><\/a><u class=\"sDZYg\">.<\/u> <\/span><\/span><\/h3>\n<div data-hook=\"rcv-block16\"><\/div>\n<div id=\"viewer-9t8i1\" class=\"XzvDs _208Ie _247b9 _2QAo- _25MYV eaHbJ _247b9 public-DraftStyleDefault-block-depth0 public-DraftStyleDefault-text-ltr\"><\/div>\n<h3 id=\"viewer-dl73b\" class=\"_3tkn1 _208Ie _2QAo- _25MYV eaHbJ _247b9 public-DraftStyleDefault-block-depth0 public-DraftStyleDefault-text-ltr\"><span class=\"vkIF2 public-DraftStyleDefault-ltr\"><strong>\u00a0<\/strong><\/span><\/h3>\n<p><strong>\u00a0<\/strong><\/p>\n<div class=\"page\" title=\"Page 2\">\n<div class=\"column\">Et toujours possibilit\u00e9 de participer au\u00a0<strong>Challenge Entreprises <\/strong>\u00a0sur le 10 km \u00a0<strong> ( nous contacter imp\u00e9rativement pour l&rsquo;inscription de l&rsquo;\u00e9quipe )<\/strong><\/div>\n<\/div>\n<h3><\/h3>\n<h3><\/h3>\n<h3><\/h3>\n<h3><\/h3>\n<h3><\/h3>\n<h3><\/h3>\n<h3><\/h3>\n<h3><\/h3>\n<div>\n<hr \/>\n<div>\n<h2>Revue de Presse :<\/h2>\n<p>OF du 19 . 03 . 21 :\u00a0\u00a0<span style=\"color: #0000ff;\"><a style=\"color: #0000ff;\" href=\"https:\/\/www.ouest-france.fr\/sport\/running\/running-le-calendrier-breton-chamboule-7193358\"><strong>\u00a0 Running. Le calendrier breton chamboul\u00e9<\/strong><\/a><\/span><\/p>\n<p>LT du 19 . 06 . 21 :\u00a0\u00a0\u00a0 <a href=\"http:\/\/quiberonsportnature.bzh\/wp-content\/uploads\/2021\/06\/Sans-titre.jpg\"><strong><span style=\"color: #3366ff;\">Inscription ouvertes<\/span><\/strong><\/a><\/p>\n<\/div>\n<\/div>\n<div class=\"page\" title=\"Page 2\">\n<div>\n<hr \/>\n<\/div>\n<\/div>\n<div>\n<h2><a href=\"http:\/\/quiberonsportnature.bzh\/wp-content\/uploads\/2020\/01\/Palmar\u00e8s-FDL.pdf\"><span style=\"color: #0000ff;\">Le Palmar\u00e8s des FDL depuis 2013<\/span><\/a><\/h2>\n<h3><\/h3>\n<\/div>\n<div>\n<hr \/>\n<h2><a href=\"http:\/\/quiberonsportnature.bzh\/wp-content\/uploads\/2021\/07\/Re\u0300glement-courses-FDL-2021-V6-.pdf\"><span style=\"color: #0000ff;\"><span style=\"color: #0000ff;\">Le R\u00e8glement des \u00e9preuves 2021<\/span><\/span><\/a><\/h2>\n<h3><\/h3>\n<div>\n<hr \/>\n<\/div>\n<div>\n<h2>Le Challenge des Entreprises<\/h2>\n<p><strong>Challenge Entreprises <\/strong><strong>sur le 10 km<\/strong> : <span style=\"color: #ff0000;\"><em>prendre imp\u00e9rativement contact avec les organisateurs<\/em>\u00a0<\/span>au \u00a0<strong>06 75 61 37 59<\/strong>\u00a0 ou par email : <strong>fouleesdularge@gmail.com<\/strong> , muni des documents ci-dessous , pour l&rsquo;inscription des \u00e9quipes<\/p>\n<div class=\"\">Certains de vos collaborateurs ont d\u00e9j\u00e0 particip\u00e9 aux FDL les ann\u00e9es pr\u00e9c\u00e9dentes ?<\/div>\n<div class=\"\"><b class=\"\">Informez les de ce Challenge et r\u00e9unissez \u00a0une \u00e9quipe<span style=\"color: #ff0000;\">\u00a0<u class=\"\">\u00a0avant une inscription individuelle<\/u><\/span>, merci<\/b>.<\/div>\n<div class=\"\"><br class=\"\" \/>Le nombre de\u00a0<u class=\"\">participants minimum par \u00e9quipe est de trois.<\/u><\/div>\n<div class=\"\"><span class=\"\">Nous\u00a0<\/span><span class=\"\">\u00e9tablirons<\/span><span class=\"\"> un classement sur les trois premiers arriv\u00e9s de chaque entreprise, mais chaque coureur participe aussi pour un classement en individuel.<\/span><\/div>\n<div class=\"\"><\/div>\n<div class=\"\">Vous trouverez ci dessous un<a href=\"http:\/\/quiberonsportnature.bzh\/wp-content\/uploads\/2021\/06\/Tableau-de\u0301quipe-FDL-21.pdf\"> tableau \u00e0 compl\u00e9ter<\/a> et \u00e0 nous retourner par voie postale ou email,<\/div>\n<div class=\"\">accompagn\u00e9 des copies des licences ou des certificats m\u00e9dicaux (autorisant \u00ab la course \u00e0 pied en comp\u00e9tition\u00a0\u00bb )<\/div>\n<div class=\"\"><\/div>\n<div class=\"\"><strong><span style=\"color: #ff0000;\"><u class=\"\"><span class=\"\">L<\/span><span class=\"\">\u2019<\/span><span class=\"\">inscription de l&rsquo;\u00e9quipe se fera imp\u00e9rativement par nos soins.<\/span><\/u><\/span><\/strong><\/div>\n<div class=\"\"><\/div>\n<div class=\"\">Une affichette pour information dans votre entreprise :<span style=\"color: #3366ff;\"> <a style=\"color: #3366ff;\" href=\"http:\/\/quiberonsportnature.bzh\/wp-content\/uploads\/2021\/05\/Flyer-CE-21.pdf\"><strong>Ici<\/strong><\/a><\/span><\/div>\n<p>Tableau \u00e0 t\u00e9l\u00e9charger, \u00e0 remplir et \u00e0 nous retourner : <a href=\"http:\/\/quiberonsportnature.bzh\/wp-content\/uploads\/2021\/06\/Tableau-de\u0301quipe-FDL-21.pdf\"><span style=\"color: #3366ff;\"><strong>Ici<\/strong><\/span><\/a><\/p>\n<p><strong>Retrait des dossards \u00a0: <\/strong>sur place le dimanche matin , \u00e0 partir de 8h30 <a href=\"http:\/\/quiberonsportnature.bzh\/wp-content\/uploads\/2021\/07\/plan-place-Hoche-1.jpg\"><strong><span style=\"color: #0000ff;\">(Place Hoche)<\/span><\/strong><\/a><\/p>\n<\/div>\n<hr \/>\n<\/div>\n<div>\n<h2>Les parcours<\/h2>\n<div class=\"column\"><strong>\u25ca 3 boucles sont utilis\u00e9es :<br \/>\n<\/strong><\/div>\n<div class=\"column\">&#8211; une petite de 1 km \u00ab\u00a0Centre Ville\u00a0\u00bb<\/div>\n<div>&#8211; une boucle de 2,5 km \u00ab\u00a0Chanard\u00a0\u00bb<\/div>\n<div class=\"column\">&#8211; une grande boucle de 3,3 km \u00ab\u00a0Bord de mer\u00a0\u00bb<\/div>\n<div><\/div>\n<div>\n<div class=\"column\"><strong>\u25ca Courses jeunes :<\/strong><\/div>\n<div class=\"column\">Le parcours utilise la petite boucle de 1 km, \u00e0 parcourir une ou deux fois selon la cat\u00e9gorie.<\/div>\n<div><\/div>\n<\/div>\n<div class=\"column\"><strong>\u25ca Course de 5 km :<\/strong><\/div>\n<div class=\"column\">\u00a02 boucles de 2,5 km.<\/div>\n<div><\/div>\n<div>\n<div class=\"column\"><strong>\u25ca Course de 10 km avec label FFA :<\/strong><\/div>\n<div class=\"column\">Le parcours encha\u00eene 3 grandes boucles de 3,3 km , ce qui fait donc 3 passages sur la place Hoche<\/div>\n<div><\/div>\n<\/div>\n<\/div>\n<div>\n<div class=\"column\"><strong>\u25ca Plan \u00e0 t\u00e9l\u00e9charger : <span style=\"color: #0000ff;\"><a style=\"color: #0000ff;\" href=\"http:\/\/quiberonsportnature.bzh\/wp-content\/uploads\/2021\/04\/Pacours-FDL.pdf\">Ici<\/a><\/span><br \/>\n<\/strong><\/div>\n<\/div>\n<div>\n<p>&nbsp;<\/p>\n<\/div>\n<div><\/div>\n<div>\n<p>&nbsp;<\/p>\n<hr \/>\n<\/div>\n<p><img loading=\"lazy\" class=\"size-full wp-image-3629 alignright\" src=\"http:\/\/quiberonsportnature.bzh\/wp-content\/uploads\/2017\/03\/Logo-foulees.jpg\" alt=\"Foul\u00e9es du Large\" width=\"150\" height=\"150\" srcset=\"https:\/\/quiberonsportnature.bzh\/wp-content\/uploads\/2017\/03\/Logo-foulees.jpg 150w, https:\/\/quiberonsportnature.bzh\/wp-content\/uploads\/2017\/03\/Logo-foulees-50x50.jpg 50w\" sizes=\"(max-width: 150px) 100vw, 150px\" \/><\/p>\n<h2><\/h2>\n<h2 class=\"column\">Inscriptions<\/h2>\n<p><strong>Par Internet\u00a0 sur <span style=\"color: #0000ff;\"><a style=\"color: #0000ff;\" href=\"https:\/\/www.sportinnovation.fr\/\">Sportinnovation.fr<\/a><\/span><br \/>\n<\/strong><\/p>\n<div class=\"page\" title=\"Page 2\">\n<div class=\"layoutArea\">\n<div class=\"column\"><b>Elles se font par courrier en t\u00e9l\u00e9chargeant <span style=\"color: #0000ff;\"><a style=\"color: #0000ff;\" href=\"http:\/\/quiberonsportnature.bzh\/wp-content\/uploads\/2021\/06\/Bulletin-dinscription-21.pdf\">le bulletin d&rsquo;inscription<\/a><\/span><br \/>\n<\/b><\/div>\n<div><\/div>\n<\/div>\n<\/div>\n<div><strong>Certificat M\u00e9dical type \u00e0 t\u00e9l\u00e9charger : <a href=\"http:\/\/quiberonsportnature.bzh\/wp-content\/uploads\/2020\/01\/modele_certificat_medical.jpg\">ici<\/a><\/strong><\/div>\n<div><strong>M\u00e9dical Certificate : <a href=\"http:\/\/quiberonsportnature.bzh\/wp-content\/uploads\/2020\/01\/Sample-Doctor-Medical-Certificate-.jpg\">Here<\/a><\/strong><\/div>\n<div class=\"page\" title=\"Page 2\">\n<p><strong>Charte du Coureur ( Covid 19 ) sign\u00e9e sur le bulletin postal et \u00e9lectroniquement par internet :\u00a0 <a href=\"http:\/\/quiberonsportnature.bzh\/wp-content\/uploads\/2021\/06\/Charte-Covid-19.pdf\"><span style=\"color: #0000ff;\">Ici<\/span><\/a><\/strong><\/p>\n<p><strong>Retrait des dossards \u00a0: <\/strong>sur place le dimanche matin , \u00e0 partir de 8h30 <a href=\"http:\/\/quiberonsportnature.bzh\/wp-content\/uploads\/2021\/07\/plan-place-Hoche-1.jpg\"><strong>(Place Hoche) <span style=\"color: #0000ff;\">Plan ici<\/span><\/strong><\/a><\/p>\n<p>&nbsp;<\/p>\n<div class=\"layoutArea\">\n<div class=\"column\">\n<p><strong>Contact inscriptions :<\/strong>\u00a0\u00a0T\u00e9l. \u00a0 \u00a0<strong>06 75 61 37 59<\/strong>\u00a0 \u00a0et \u00a0\u00a0<a href=\"mailto:fouleesdularge@gmail.com\">fouleesdularge@gmail.com<\/a><\/p>\n<p><strong>Tarif des inscriptions<\/strong>\u00a0:\u00a0 <strong>Gratuit<\/strong> pour les courses \u00ab Jeunes \u00bb, <strong>8<\/strong><strong>\u20ac<\/strong> pour le 5 km et <strong>12<\/strong><strong>\u20ac\u00a0<\/strong>pour le 10 km, profits revers\u00e9s \u00e0\u00a0<strong>Tribu Cancer<\/strong>.<\/p>\n<p><strong>Challenge Entreprises <\/strong>\u00a0<strong>sur le 10 km<\/strong> : <em>prendre imp\u00e9rativement contact avec les organisateurs<\/em>\u00a0au \u00a0<strong>06 75 61 37 59<\/strong> \u00a0pour l&rsquo;inscription des \u00e9quipes.\u00a0Tableau \u00e0 t\u00e9l\u00e9charger, \u00e0 remplir et \u00e0 nous retourner : <strong><a href=\"http:\/\/quiberonsportnature.bzh\/wp-content\/uploads\/2021\/06\/Tableau-de\u0301quipe-FDL-21.pdf\">Ici<\/a><\/strong><\/p>\n<p><strong>A SAVOIR<\/strong><\/p>\n<p><strong>\u25ca Retrait des dossards \u00a0: <\/strong>sur place le dimanche matin , \u00e0 partir de 8h30.<em>.<\/em><\/p>\n<p><strong>\u25ca Pour les courses 5 km et 10 km : <\/strong><span style=\"color: #ff0000;\"><em>le certificat m\u00e9dical est obligatoire\u00a0 ( ou licence FFA )<\/em><\/span><br \/>\n<strong>\u00a0 \u00a0 Pour les courses \u00ab\u00a0jeunes\u00a0\u00bb<\/strong> : <em>le certificat m\u00e9dical n&rsquo;est pas demand\u00e9 et il n&rsquo;y a pas de classement officiel<\/em><\/p>\n<\/div>\n<\/div>\n<\/div>\n<h2 class=\"column\"><strong>\u00a0<\/strong><\/h2>\n<p><strong>\u00a0<\/strong><\/p>\n<div class=\"page\" title=\"Page 2\">\n<h2 class=\"column\"><strong>INFORMATIONS PRATIQUES :<\/strong><\/h2>\n<p><strong>\u25ca Douche possible :<\/strong> sur la grande plage de Quiberon \u00e0 300m<\/p>\n<p><strong>\u25ca <span style=\"color: #ff0000;\">Les ravitaillements en course et en fin d&rsquo;\u00e9preuve seront adapt\u00e9s aux conditions sanitaires.<\/span><br \/>\n<\/strong><\/p>\n<p><strong>\u25ca Parking payant limit\u00e9<\/strong> \u00e0 200m . Stationnement \u00e0 Quiberon : <span style=\"color: #0000ff;\"><strong><a style=\"color: #0000ff;\" href=\"https:\/\/www.ville-quiberon.fr\/regles-de-stationnement\/\">Ici<\/a><\/strong><\/span><\/p>\n<p><a href=\"http:\/\/quiberonsportnature.bzh\/wp-content\/uploads\/2021\/07\/2021-PLAN-DE-STATIONNEMENT-HAUTE-SAISON.pdf\"><strong><span style=\"color: #3366ff;\">Plan de stationnement haute saison \u00e0 Quiberon<\/span><\/strong><\/a><\/p>\n<p><strong>\u25ca Transports<\/strong> \u00e0 Quiberon : <strong><a href=\"http:\/\/www.quiberon.com\/pratique\/venir-et-se-deplacer-quiberon\">Ici<\/a><\/strong><\/p>\n<p><strong>\u25ca Possibilit\u00e9 de rejoindre Quiberon<\/strong> par le TER le \u00ab\u00a0<strong>Tire Bouchon\u00a0\u00bb<\/strong> depuis Auray ou Plouharnel.<\/p>\n<p><strong>\u25ca H\u00e9bergements<\/strong> : contactez l&rsquo;Office de Tourisme de Quiberon: \u00a0 02 97 50 07 84 &#8211; <a href=\"http:\/\/www.quiberon.com\" target=\"_blank\" rel=\"noopener noreferrer\">www.quiberon.com<\/a><\/p>\n<\/div>\n<hr \/>\n<h2>Partenariat<\/h2>\n<p><strong>Dossier partenariat \u00e0 t\u00e9l\u00e9charger : <a href=\"http:\/\/quiberonsportnature.bzh\/wp-content\/uploads\/2020\/01\/Offres-partenariats-FDL-2020.pdf\">Ici<\/a><\/strong><\/p>\n<div class=\"page\" title=\"Page 1\">\n<div class=\"section\">\n<div class=\"layoutArea\">\n<div class=\"column\">\n<p>Devenez partenaire des Foul\u00e9es du Large soit par \u00a0un\u00a0partenariat financier: c\u2019est gagnant gagnant ! Vous \u00eates une entreprise, ou un particulier, vous pouvez nous aider en faisant un don ou un sponsoring, soit par un\u00a0partenariat en nature :\u00a0Lots et troph\u00e9es, ravitaillement, assistance technique, transports, mat\u00e9riels d\u2019organisation, animation&#8230; Vous pouvez nous aider \u00e0 r\u00e9unir tous les moyens humains et mat\u00e9riels pour la r\u00e9ussite de l\u2019\u00e9v\u00e9nement !<\/p>\n<p>VOUS ETES INTERESSES ? Contactez-nous !<\/p>\n<p>Partenariat en nature : St\u00e9phane Boutet, Tel : 06 76 85 07 88 &#8211; quiberonsportnature@gmail.com<br \/>\nPartenariat financier : Jean-Louis Laporte, Tel : 06 08 00 26 22 &#8211; laporte3@gmail.com<\/p>\n<\/div>\n<\/div>\n<\/div>\n<\/div>\n<div class=\"page\" title=\"Page 2\">\n<div class=\"layoutArea\">\n<div class=\"column\">\n<hr \/>\n<\/div>\n<\/div>\n<h2>Organisation<\/h2>\n<p><strong>QUIBERON SPORT NATURE<\/strong> \u00a0 &#8211; \u00a0T\u00e9l. 06 76 85 07 88 \u00a0&#8211; \u00a0fouleesdularge@gmail.com<\/p>\n<p><strong>Conseill\u00e8re technique<\/strong>\u00a0: Maryse Le Gallo, marathonienne de haut niveau.<\/p>\n<p>&nbsp;<\/p>\n<div class=\"layoutArea\">\n<div class=\"column\">\n<hr \/>\n<h2>Tribu Cancer<\/h2>\n<p>L&rsquo;association <a href=\"http:\/\/tribucancer.org\"><strong>Tribu Cancer<\/strong><\/a> est n\u00e9e \u00e0 Quiberon et y est toujours tr\u00e8s pr\u00e9sente malgr\u00e9 son rayonnement national.<img loading=\"lazy\" class=\"alignright size-full wp-image-221\" src=\"http:\/\/quiberonsportnature.bzh\/wp-content\/uploads\/2016\/01\/Logo-Tribu-Cancer.jpg\" alt=\"\" width=\"300\" height=\"150\" srcset=\"https:\/\/quiberonsportnature.bzh\/wp-content\/uploads\/2016\/01\/Logo-Tribu-Cancer.jpg 300w, https:\/\/quiberonsportnature.bzh\/wp-content\/uploads\/2016\/01\/Logo-Tribu-Cancer-250x125.jpg 250w, https:\/\/quiberonsportnature.bzh\/wp-content\/uploads\/2016\/01\/Logo-Tribu-Cancer-50x25.jpg 50w\" sizes=\"(max-width: 300px) 100vw, 300px\" \/> Son but est de rompre l&rsquo;isolement du malade en proposant un soutien \u00e0 distance et aussi en l&rsquo;aidant \u00e0 r\u00e9aliser des projets.<\/p>\n<p>Un voilier bas\u00e9 \u00e0 Quiberon permet aux malades <a href=\"http:\/\/www.tribucancer.org\/sevader\">des \u00e9vasions nautiques.<\/a><\/p>\n<p>Contact : Tribu Cancer <a href=\"http:\/\/www.tribucancer.org\">www.tribucancer.org<\/a><\/p>\n<p>Pr\u00e9sidente : Nadia Develter<\/p>\n<\/div>\n<\/div>\n<p>&nbsp;<\/p>\n<hr \/>\n<h2>Nos Partenaires<\/h2>\n<p>&nbsp;<\/p>\n<p><a href=\"https:\/\/www.sofitel-quiberon-thalassa.com\" rel=\"attachment wp-att-4698\"><img loading=\"lazy\" class=\"wp-image-4698 alignnone\" src=\"http:\/\/quiberonsportnature.bzh\/wp-content\/uploads\/2019\/04\/LogoSofitelQuiberon-1024x724.jpg\" alt=\"\" width=\"704\" height=\"498\" srcset=\"https:\/\/quiberonsportnature.bzh\/wp-content\/uploads\/2019\/04\/LogoSofitelQuiberon-1024x724.jpg 1024w, https:\/\/quiberonsportnature.bzh\/wp-content\/uploads\/2019\/04\/LogoSofitelQuiberon-250x177.jpg 250w, https:\/\/quiberonsportnature.bzh\/wp-content\/uploads\/2019\/04\/LogoSofitelQuiberon-566x400.jpg 566w, https:\/\/quiberonsportnature.bzh\/wp-content\/uploads\/2019\/04\/LogoSofitelQuiberon-50x35.jpg 50w\" sizes=\"(max-width: 704px) 100vw, 704px\" \/><\/a><a href=\"https:\/\/www.maison-armorine.com\/\"><img loading=\"lazy\" class=\"wp-image-5053 alignnone\" src=\"http:\/\/quiberonsportnature.bzh\/wp-content\/uploads\/2020\/04\/a158bfc1-4e9d-4966-acae-c6d32c6fb0f2-400x400.jpeg\" alt=\"\" width=\"330\" height=\"330\" srcset=\"https:\/\/quiberonsportnature.bzh\/wp-content\/uploads\/2020\/04\/a158bfc1-4e9d-4966-acae-c6d32c6fb0f2-400x400.jpeg 400w, https:\/\/quiberonsportnature.bzh\/wp-content\/uploads\/2020\/04\/a158bfc1-4e9d-4966-acae-c6d32c6fb0f2-250x250.jpeg 250w, https:\/\/quiberonsportnature.bzh\/wp-content\/uploads\/2020\/04\/a158bfc1-4e9d-4966-acae-c6d32c6fb0f2-50x50.jpeg 50w, https:\/\/quiberonsportnature.bzh\/wp-content\/uploads\/2020\/04\/a158bfc1-4e9d-4966-acae-c6d32c6fb0f2-230x230.jpeg 230w, https:\/\/quiberonsportnature.bzh\/wp-content\/uploads\/2020\/04\/a158bfc1-4e9d-4966-acae-c6d32c6fb0f2-330x330.jpeg 330w, https:\/\/quiberonsportnature.bzh\/wp-content\/uploads\/2020\/04\/a158bfc1-4e9d-4966-acae-c6d32c6fb0f2.jpeg 640w\" sizes=\"(max-width: 330px) 100vw, 330px\" \/><\/a><\/p>\n<p>&nbsp;<\/p>\n<\/div>\n<div class=\"page\" title=\"Page 2\">\n<p><a href=\"https:\/\/www.sobhi-sport.com\" target=\"_blank\" rel=\"noopener\"><img loading=\"lazy\" class=\"alignnone wp-image-4314 \" src=\"http:\/\/quiberonsportnature.bzh\/wp-content\/uploads\/2018\/06\/sobhi-vannes.jpg\" alt=\"\" width=\"451\" height=\"137\" \/><\/a><a href=\"http:\/\/ville-quiberon.fr\" target=\"_blank\" rel=\"noopener\"><img loading=\"lazy\" class=\"alignnone wp-image-4328 \" src=\"http:\/\/quiberonsportnature.bzh\/wp-content\/uploads\/2018\/06\/LOGO-VILLE-2018.jpg\" alt=\"\" width=\"362\" height=\"134\" srcset=\"https:\/\/quiberonsportnature.bzh\/wp-content\/uploads\/2018\/06\/LOGO-VILLE-2018.jpg 262w, https:\/\/quiberonsportnature.bzh\/wp-content\/uploads\/2018\/06\/LOGO-VILLE-2018-250x93.jpg 250w\" sizes=\"(max-width: 362px) 100vw, 362px\" \/><\/a><a href=\"http:\/\/quiberonsportnature.bzh\/index.php\/foulees-du-large\/foulees-du-large-2019\/nouveaulogoacmvecto\/\" rel=\"attachment wp-att-4694\"><img loading=\"lazy\" class=\"wp-image-4694 alignnone\" src=\"http:\/\/quiberonsportnature.bzh\/wp-content\/uploads\/2019\/04\/NouveauLogoACMVecto.jpg\" alt=\"\" width=\"189\" height=\"183\" srcset=\"https:\/\/quiberonsportnature.bzh\/wp-content\/uploads\/2019\/04\/NouveauLogoACMVecto.jpg 500w, https:\/\/quiberonsportnature.bzh\/wp-content\/uploads\/2019\/04\/NouveauLogoACMVecto-250x242.jpg 250w, https:\/\/quiberonsportnature.bzh\/wp-content\/uploads\/2019\/04\/NouveauLogoACMVecto-413x400.jpg 413w, https:\/\/quiberonsportnature.bzh\/wp-content\/uploads\/2019\/04\/NouveauLogoACMVecto-50x48.jpg 50w\" sizes=\"(max-width: 189px) 100vw, 189px\" \/><\/a><\/p>\n<p><a href=\"https:\/\/magasins.supercasino.fr\/supermarche\/quiberon\/CS282\" rel=\"attachment wp-att-4728\"><img loading=\"lazy\" class=\" wp-image-4728 alignleft\" src=\"http:\/\/quiberonsportnature.bzh\/wp-content\/uploads\/2019\/05\/Capture-d\u2019\u00e9cran-2019-05-09-\u00e0-15.59.25.png\" alt=\"\" width=\"225\" height=\"98\" srcset=\"https:\/\/quiberonsportnature.bzh\/wp-content\/uploads\/2019\/05\/Capture-d\u2019\u00e9cran-2019-05-09-\u00e0-15.59.25.png 506w, https:\/\/quiberonsportnature.bzh\/wp-content\/uploads\/2019\/05\/Capture-d\u2019\u00e9cran-2019-05-09-\u00e0-15.59.25-250x109.png 250w, https:\/\/quiberonsportnature.bzh\/wp-content\/uploads\/2019\/05\/Capture-d\u2019\u00e9cran-2019-05-09-\u00e0-15.59.25-50x22.png 50w\" sizes=\"(max-width: 225px) 100vw, 225px\" \/><\/a><a href=\"http:\/\/www.hotelibis-quiberon.com\" rel=\"attachment wp-att-4736\"><img loading=\"lazy\" class=\"wp-image-4736 alignleft\" src=\"http:\/\/quiberonsportnature.bzh\/wp-content\/uploads\/2019\/06\/Capture-d\u2019\u00e9cran-2019-06-03-\u00e0-09.58.02.png\" alt=\"\" width=\"110\" height=\"111\" srcset=\"https:\/\/quiberonsportnature.bzh\/wp-content\/uploads\/2019\/06\/Capture-d\u2019\u00e9cran-2019-06-03-\u00e0-09.58.02.png 386w, https:\/\/quiberonsportnature.bzh\/wp-content\/uploads\/2019\/06\/Capture-d\u2019\u00e9cran-2019-06-03-\u00e0-09.58.02-250x250.png 250w, https:\/\/quiberonsportnature.bzh\/wp-content\/uploads\/2019\/06\/Capture-d\u2019\u00e9cran-2019-06-03-\u00e0-09.58.02-50x50.png 50w, https:\/\/quiberonsportnature.bzh\/wp-content\/uploads\/2019\/06\/Capture-d\u2019\u00e9cran-2019-06-03-\u00e0-09.58.02-230x230.png 230w, https:\/\/quiberonsportnature.bzh\/wp-content\/uploads\/2019\/06\/Capture-d\u2019\u00e9cran-2019-06-03-\u00e0-09.58.02-330x330.png 330w\" sizes=\"(max-width: 110px) 100vw, 110px\" \/><\/a><a href=\"http:\/\/breizhcafe.com\/fr\/\" target=\"_blank\" rel=\"noopener noreferrer\"><img loading=\"lazy\" class=\"alignnone wp-image-657\" src=\"http:\/\/quiberonsportnature.bzh\/wp-content\/uploads\/2016\/02\/2015-Breizh-caf%C3%A9.jpg\" alt=\"Breizh caf\u00e9\" width=\"314\" height=\"97\" \/><\/a><a href=\"http:\/\/www.laquiberonnaise.fr\/\" target=\"_blank\" rel=\"noopener noreferrer\"><img loading=\"lazy\" class=\"alignnone wp-image-663 \" src=\"http:\/\/quiberonsportnature.bzh\/wp-content\/uploads\/2016\/02\/2015-Quiberonnaise.jpg\" sizes=\"(max-width: 104px) 100vw, 104px\" srcset=\"http:\/\/quiberonsportnature.bzh\/wp-content\/uploads\/2016\/02\/2015-Quiberonnaise.jpg 104w, http:\/\/quiberonsportnature.bzh\/wp-content\/uploads\/2016\/02\/2015-Quiberonnaise-50x48.jpg 50w\" alt=\"La Quiberonnaise\" width=\"197\" height=\"190\" \/><\/a><a href=\"https:\/\/www.facebook.com\/lecolibri.56\/\" rel=\"attachment wp-att-4723\"> <img loading=\"lazy\" class=\"alignnone wp-image-5436\" src=\"http:\/\/quiberonsportnature.bzh\/wp-content\/uploads\/2021\/06\/KibeRent-loc-533x400.jpg\" alt=\"\" width=\"223\" height=\"168\" srcset=\"https:\/\/quiberonsportnature.bzh\/wp-content\/uploads\/2021\/06\/KibeRent-loc-533x400.jpg 533w, https:\/\/quiberonsportnature.bzh\/wp-content\/uploads\/2021\/06\/KibeRent-loc-250x188.jpg 250w, https:\/\/quiberonsportnature.bzh\/wp-content\/uploads\/2021\/06\/KibeRent-loc-50x38.jpg 50w, https:\/\/quiberonsportnature.bzh\/wp-content\/uploads\/2021\/06\/KibeRent-loc.jpg 720w\" sizes=\"(max-width: 223px) 100vw, 223px\" \/><\/a><a href=\"https:\/\/www.facebook.com\/lecolibri.56\/\" rel=\"attachment wp-att-4723\"><img loading=\"lazy\" class=\"wp-image-4723 alignnone\" src=\"http:\/\/quiberonsportnature.bzh\/wp-content\/uploads\/2019\/04\/Capture-d\u2019\u00e9cran-2019-04-26-\u00e0-11.39.20.png\" alt=\"\" width=\"248\" height=\"159\" srcset=\"https:\/\/quiberonsportnature.bzh\/wp-content\/uploads\/2019\/04\/Capture-d\u2019\u00e9cran-2019-04-26-\u00e0-11.39.20.png 659w, https:\/\/quiberonsportnature.bzh\/wp-content\/uploads\/2019\/04\/Capture-d\u2019\u00e9cran-2019-04-26-\u00e0-11.39.20-250x160.png 250w, https:\/\/quiberonsportnature.bzh\/wp-content\/uploads\/2019\/04\/Capture-d\u2019\u00e9cran-2019-04-26-\u00e0-11.39.20-623x400.png 623w, https:\/\/quiberonsportnature.bzh\/wp-content\/uploads\/2019\/04\/Capture-d\u2019\u00e9cran-2019-04-26-\u00e0-11.39.20-50x32.png 50w\" sizes=\"(max-width: 248px) 100vw, 248px\" \/><\/a><a href=\"https:\/\/www.facebook.com\/lecolibri.56\/\" rel=\"attachment wp-att-4723\"> <img loading=\"lazy\" class=\"alignnone wp-image-5437\" src=\"http:\/\/quiberonsportnature.bzh\/wp-content\/uploads\/2021\/06\/LOGO.jpg\" alt=\"\" width=\"171\" height=\"157\" srcset=\"https:\/\/quiberonsportnature.bzh\/wp-content\/uploads\/2021\/06\/LOGO.jpg 432w, https:\/\/quiberonsportnature.bzh\/wp-content\/uploads\/2021\/06\/LOGO-250x229.jpg 250w, https:\/\/quiberonsportnature.bzh\/wp-content\/uploads\/2021\/06\/LOGO-50x46.jpg 50w\" sizes=\"(max-width: 171px) 100vw, 171px\" \/><\/a><a href=\"https:\/\/www.facebook.com\/lecolibri.56\/\" rel=\"attachment wp-att-4723\">\u00a0<\/a><a href=\"https:\/\/www.kiberenmarchenordique.com\/\"><img loading=\"lazy\" class=\"alignnone wp-image-5451\" src=\"http:\/\/quiberonsportnature.bzh\/wp-content\/uploads\/2021\/06\/Capture-d\u2019e\u0301cran-2021-06-19-a\u0300-18.40.28.png\" alt=\"\" width=\"304\" height=\"192\" srcset=\"https:\/\/quiberonsportnature.bzh\/wp-content\/uploads\/2021\/06\/Capture-d\u2019e\u0301cran-2021-06-19-a\u0300-18.40.28.png 397w, https:\/\/quiberonsportnature.bzh\/wp-content\/uploads\/2021\/06\/Capture-d\u2019e\u0301cran-2021-06-19-a\u0300-18.40.28-250x158.png 250w, https:\/\/quiberonsportnature.bzh\/wp-content\/uploads\/2021\/06\/Capture-d\u2019e\u0301cran-2021-06-19-a\u0300-18.40.28-50x32.png 50w\" sizes=\"(max-width: 304px) 100vw, 304px\" \/><\/a><\/p>\n<\/div>\n<p>&nbsp;<\/p>\n<p>&nbsp;<\/p>\n<p><a href=\"http:\/\/www.kakicrazy.fr\/\" target=\"_blank\" rel=\"noopener noreferrer\"><img loading=\"lazy\" class=\"alignnone wp-image-671 \" src=\"http:\/\/quiberonsportnature.bzh\/wp-content\/uploads\/2016\/02\/2015-Kaki-Crazy.jpg\" sizes=\"(max-width: 105px) 100vw, 105px\" srcset=\"http:\/\/quiberonsportnature.bzh\/wp-content\/uploads\/2016\/02\/2015-Kaki-Crazy.jpg 105w, http:\/\/quiberonsportnature.bzh\/wp-content\/uploads\/2016\/02\/2015-Kaki-Crazy-50x48.jpg 50w\" alt=\"Kaki Crazy\" width=\"179\" height=\"171\" \/><\/a><a href=\"http:\/\/quiberonsportnature.bzh\/wp-content\/uploads\/2019\/06\/Capture-d\u2019\u00e9cran-2019-06-03-\u00e0-14.25.25.png\"><img loading=\"lazy\" class=\"alignnone wp-image-3682 \" src=\"http:\/\/quiberonsportnature.bzh\/wp-content\/uploads\/2017\/03\/Un-ete-a-la-Mer-logo.jpg\" sizes=\"(max-width: 100px) 100vw, 100px\" srcset=\"http:\/\/quiberonsportnature.bzh\/wp-content\/uploads\/2017\/03\/Un-ete-a-la-Mer-logo.jpg 100w, http:\/\/quiberonsportnature.bzh\/wp-content\/uploads\/2017\/03\/Un-ete-a-la-Mer-logo-50x50.jpg 50w\" alt=\"Un \u00e9t\u00e9 \u00e0 la Mer \u00e0 Quiberon\" width=\"131\" height=\"134\" \/><\/a><a href=\"https:\/\/www.patisserie-bretonne-riguidel.fr\/\" target=\"_blank\" rel=\"noopener noreferrer\"><img loading=\"lazy\" class=\"wp-image-3631 alignnone\" src=\"http:\/\/quiberonsportnature.bzh\/wp-content\/uploads\/2017\/03\/Logo-Riguidel.jpg\" sizes=\"(max-width: 167px) 100vw, 167px\" srcset=\"http:\/\/quiberonsportnature.bzh\/wp-content\/uploads\/2017\/03\/Logo-Riguidel.jpg 167w, http:\/\/quiberonsportnature.bzh\/wp-content\/uploads\/2017\/03\/Logo-Riguidel-50x28.jpg 50w\" alt=\"Boulangerie Riguidel Quiberon\" width=\"247\" height=\"139\" \/><\/a><a href=\"https:\/\/www.cmb.fr\/banque\/assurance\/credit-mutuel\/web\/c_8029\/page-chapeau\"><img loading=\"lazy\" class=\"alignnone wp-image-673 \" src=\"http:\/\/quiberonsportnature.bzh\/wp-content\/uploads\/2016\/02\/2015-CMB.jpg\" sizes=\"(max-width: 95px) 100vw, 95px\" srcset=\"http:\/\/quiberonsportnature.bzh\/wp-content\/uploads\/2016\/02\/2015-CMB.jpg 95w, http:\/\/quiberonsportnature.bzh\/wp-content\/uploads\/2016\/02\/2015-CMB-48x50.jpg 48w\" alt=\"Cr\u00e9dit Mutuel de Bretagne\" width=\"173\" height=\"182\" \/><\/a><a href=\"https:\/\/www.facebook.com\/lecolibri.56\/\" rel=\"attachment wp-att-4723\"><img loading=\"lazy\" class=\"alignnone wp-image-5435\" src=\"http:\/\/quiberonsportnature.bzh\/wp-content\/uploads\/2021\/06\/CK.png\" alt=\"\" width=\"237\" height=\"112\" srcset=\"https:\/\/quiberonsportnature.bzh\/wp-content\/uploads\/2021\/06\/CK.png 537w, https:\/\/quiberonsportnature.bzh\/wp-content\/uploads\/2021\/06\/CK-250x118.png 250w, https:\/\/quiberonsportnature.bzh\/wp-content\/uploads\/2021\/06\/CK-50x24.png 50w\" sizes=\"(max-width: 237px) 100vw, 237px\" \/><\/a><img loading=\"lazy\" class=\"alignnone wp-image-5468\" src=\"http:\/\/quiberonsportnature.bzh\/wp-content\/uploads\/2021\/06\/LA-VOGLIA-CC-84x54mm-PEL-MAT-RV-1000ex-623x400.jpg\" alt=\"\" width=\"237\" height=\"152\" srcset=\"https:\/\/quiberonsportnature.bzh\/wp-content\/uploads\/2021\/06\/LA-VOGLIA-CC-84x54mm-PEL-MAT-RV-1000ex-623x400.jpg 623w, https:\/\/quiberonsportnature.bzh\/wp-content\/uploads\/2021\/06\/LA-VOGLIA-CC-84x54mm-PEL-MAT-RV-1000ex-250x161.jpg 250w, https:\/\/quiberonsportnature.bzh\/wp-content\/uploads\/2021\/06\/LA-VOGLIA-CC-84x54mm-PEL-MAT-RV-1000ex-50x32.jpg 50w, https:\/\/quiberonsportnature.bzh\/wp-content\/uploads\/2021\/06\/LA-VOGLIA-CC-84x54mm-PEL-MAT-RV-1000ex.jpg 993w\" sizes=\"(max-width: 237px) 100vw, 237px\" \/><\/p>\n<p>&nbsp;<\/p>\n<p>&nbsp;<\/p>\n<p>&nbsp;<\/p>\n<p>&nbsp;<\/p>\n<p>&nbsp;<\/p>\n<p>&nbsp;<\/p>\n","protected":false},"excerpt":{"rendered":"<p>Les Foul\u00e9es du Large &#8211; 8\u00e8 \u00e9dition Dimanche 25 Juillet 2021 Championnat de Bretagne des 10 km ! ( article de OF ) Merci \u00e0 tous ,\u00a0 b\u00e9n\u00e9voles et participants pour cette belle journ\u00e9e sportive et caritative\u00a0 ! Ci dessous<\/p>\n","protected":false},"author":1,"featured_media":0,"parent":26,"menu_order":8,"comment_status":"closed","ping_status":"closed","template":"","meta":[],"_links":{"self":[{"href":"https:\/\/quiberonsportnature.bzh\/index.php\/wp-json\/wp\/v2\/pages\/5264"}],"collection":[{"href":"https:\/\/quiberonsportnature.bzh\/index.php\/wp-json\/wp\/v2\/pages"}],"about":[{"href":"https:\/\/quiberonsportnature.bzh\/index.php\/wp-json\/wp\/v2\/types\/page"}],"author":[{"embeddable":true,"href":"https:\/\/quiberonsportnature.bzh\/index.php\/wp-json\/wp\/v2\/users\/1"}],"replies":[{"embeddable":true,"href":"https:\/\/quiberonsportnature.bzh\/index.php\/wp-json\/wp\/v2\/comments?post=5264"}],"version-history":[{"count":118,"href":"https:\/\/quiberonsportnature.bzh\/index.php\/wp-json\/wp\/v2\/pages\/5264\/revisions"}],"predecessor-version":[{"id":5528,"href":"https:\/\/quiberonsportnature.bzh\/index.php\/wp-json\/wp\/v2\/pages\/5264\/revisions\/5528"}],"up":[{"embeddable":true,"href":"https:\/\/quiberonsportnature.bzh\/index.php\/wp-json\/wp\/v2\/pages\/26"}],"wp:attachment":[{"href":"https:\/\/quiberonsportnature.bzh\/index.php\/wp-json\/wp\/v2\/media?parent=5264"}],"curies":[{"name":"wp","href":"https:\/\/api.w.org\/{rel}","templated":true}]}}